{"id":1810,"date":"2020-11-17T11:02:58","date_gmt":"2020-11-17T11:02:58","guid":{"rendered":"http:\/\/wp.campingfeniglia.it\/?page_id=1810"},"modified":"2026-03-10T08:22:18","modified_gmt":"2026-03-10T08:22:18","slug":"maremma-campingurlaub","status":"publish","type":"page","link":"https:\/\/www.campingfeniglia.it\/de\/maremma-campingurlaub\/","title":{"rendered":"Maremma Campingurlaub"},"content":{"rendered":"<p>[vc_row full_width=&#8220;stretch_row_content&#8220; hide_bg_image_on_tablet=&#8220;&#8220; hide_bg_image_on_mobile=&#8220;&#8220; shape_divider_top_front=&#8220;&#8220; shape_divider_bottom_front=&#8220;&#8220; row_delimiter=&#8220;&#8220; hide_on_desktop=&#8220;&#8220; hide_on_notebook=&#8220;&#8220; hide_on_tablet=&#8220;1&#8243; hide_on_mobile=&#8220;1&#8243; hide_on_frontpage=&#8220;&#8220;][vc_column icons_position=&#8220;left&#8220;][vc_tta_tabs][vc_tta_section title=&#8220;Tariffe Camping&#8220; tab_id=&#8220;1605091374604-32b20546-f901&#8243;][vc_column_text]<!--0ed0376c207067a7--><\/p>\n<table>\n<tbody>\n<tr>\n<th width=\"40%\"><\/th>\n<th><small>13\/09-bein abschluss<br \/>\n01\/04-31\/05<\/small><\/th>\n<th><small>30\/08-12\/09<\/small><\/th>\n<th><small>01\/06-30\/06<\/small><\/th>\n<th><small>01\/07-31\/07<\/small><\/th>\n<th><small>01\/08-29\/08<\/small><\/th>\n<\/tr>\n<tr>\n<td>Adulti<\/td>\n<td>\u20ac 9,00<\/td>\n<td>\u20ac 13,00<\/td>\n<td>\u20ac 11,00<\/td>\n<td>\u20ac 14,00<\/td>\n<td>\u20ac 16,00<\/td>\n<\/tr>\n<tr>\n<td>Bambini 2-9 anni<\/td>\n<td>\u20ac 5,00<\/td>\n<td>\u20ac 7,00<\/td>\n<td>\u20ac 7,00<\/td>\n<td>\u20ac 9,00<\/td>\n<td>\u20ac 10,00<\/td>\n<\/tr>\n<tr>\n<td>Tenda grande<\/p>\n<p>roulotte e camper<\/td>\n<td>\u20ac 12,00<\/td>\n<td>\u20ac 15,00<\/td>\n<td>\u20ac 14,00<\/td>\n<td>\u20ac 20,00<\/td>\n<td>\u20ac 24,00<\/td>\n<\/tr>\n<tr>\n<td>Tenda piccola<\/td>\n<td>\u20ac 8,00<\/td>\n<td>\u20ac 10,00<\/td>\n<td>\u20ac 10,00<\/td>\n<td>\u20ac 13,00<\/td>\n<td>\u20ac 18,00<\/td>\n<\/tr>\n<tr>\n<td>Moto<\/td>\n<td>\u20ac 3,00<\/td>\n<td>\u20ac 3,00<\/td>\n<td>\u20ac 3,00<\/td>\n<td>\u20ac 3,00<\/td>\n<td>\u20ac 3,00<\/td>\n<\/tr>\n<tr>\n<td>Animali<\/td>\n<td>\u20ac 3,00<\/td>\n<td>\u20ac 3,00<\/td>\n<td>\u20ac 4,00<\/td>\n<td>\u20ac 6,00<\/td>\n<td>\u20ac 8,00<\/td>\n<\/tr>\n<\/tbody>\n<\/table>\n<p>&nbsp;<\/p>\n<p><strong>Die angegebenen Preise verstehen sich ohne Ostern und Br\u00fccken<\/strong>[\/vc_column_text][\/vc_tta_section][vc_tta_section title=&#8220;Tariffe Case Mobili&#8220; tab_id=&#8220;1605091374604-b8c10e0a-32a4&#8243;][\/vc_tta_section][vc_tta_section title=&#8220;Tariffe Bungalow&#8220; tab_id=&#8220;1605091474460-72b5dd45-28ba&#8220;][\/vc_tta_section][vc_tta_section title=&#8220;Preise COCO SWEET&#8220; tab_id=&#8220;1605091474460-72b5dd45-28bb&#8220;][\/vc_tta_section][vc_tta_section title=&#8220;Preise Roulotte&#8220; tab_id=&#8220;1605091474460-72b5dd45-28bc&#8220;][\/vc_tta_section][vc_tta_section title=&#8220;Tariffe Chalet&#8220; tab_id=&#8220;1741604060062-5f184716-4875&#8243;][\/vc_tta_section][\/vc_tta_tabs][\/vc_column][\/vc_row][vc_row][vc_column width=&#8220;1\/2&#8243; icons_position=&#8220;left&#8220;][vc_empty_space height=&#8220;4vw&#8220; alter_height=&#8220;none&#8220; hide_on_desktop=&#8220;&#8220; hide_on_notebook=&#8220;&#8220; hide_on_tablet=&#8220;&#8220; hide_on_mobile=&#8220;&#8220;][vc_column_text]<\/p>\n<h5>Extra-Service:<\/h5>\n<ul>\n<li>Bettlaken f\u00fcr Doppelbetten <strong>\u20ac 11,00<\/strong><\/li>\n<li>Einzelbettlaken <strong>\u20ac 8,00<\/strong><\/li>\n<li>Badetuch <strong>\u20ac 4,00<\/strong><\/li>\n<li>Kleines Handtuch <strong>\u20ac 3,00<\/strong><\/li>\n<li>extra Hunde und Katzen<strong> 10.00\u20ac<\/strong> pro Tag oder 5<strong>0.00\u20ac<\/strong> pro Woche<\/li>\n<\/ul>\n<p>Die Kaution betr\u00e4gt <strong>100.00\u20ac<\/strong> pro Bungalow oder Haus, welche nach \u00dcberpr\u00fcfung der Anlage bei der Abreise zur\u00fcckerstattet werden.<\/p>\n<p><strong>Anzahlung 30%; Restbetrag bei der Ankunft. EINZAHLUNGEN WERDEN NICHT ZURUCKERSTATTET<\/strong><\/p>\n<p>F\u00fcr Camping bezahlen die Tiere 1.00\u20ac pro Tag f\u00fcr alle Monate; bzw f\u00fcr Juli und August jeweils 2.00\u20ac, bzw 3.00\u20ac f\u00fcr die Bungalows und die Wohnmobile, Aufpreis von 30\u20ac pro Woche je Tier.[\/vc_column_text][vc_empty_space height=&#8220;4vw&#8220; alter_height=&#8220;none&#8220; hide_on_desktop=&#8220;&#8220; hide_on_notebook=&#8220;&#8220; hide_on_tablet=&#8220;&#8220; hide_on_mobile=&#8220;&#8220;][\/vc_column][vc_column width=&#8220;1\/2&#8243; icons_position=&#8220;left&#8220;][vc_empty_space height=&#8220;4vw&#8220; alter_height=&#8220;none&#8220; hide_on_desktop=&#8220;&#8220; hide_on_notebook=&#8220;&#8220; hide_on_tablet=&#8220;&#8220; hide_on_mobile=&#8220;&#8220;][vc_column_text]<strong>Ankunft Bungalows oder H\u00e4user:<\/strong> Samstag oder Sonntag von 16:00 \u2013 20:00 Uhr<\/p>\n<p><strong>Abreise Bungalows oder H\u00e4user:<\/strong> Samstag oder Sonntag vor 10:00Uhr<\/p>\n<p><strong>Campingbetten:<\/strong> F\u00fcr Kinder bis 4 Jahre k\u00f6nnen sie mit Reservierung dazu gemietet werden; solange der Vorrat reicht belaufen sich die Kosten auf 5.00\u20ac pro Nacht oder 30.00\u20ac die Woche.<\/p>\n<p><strong>Einzelbett:<\/strong> In einigen Bungalows ist es m\u00f6glich ein zus\u00e4tzliches Bett zu platzieren; die Kosten belaufen sich auf 10.00\u20ac die Nacht oder 60\u20ac pro Woche.<\/p>\n<p><strong>G\u00e4ste im Bungalow:<\/strong> Siehe Tagess\u00e4tze f\u00fcr den jeweiligen Zeitraum auf dem Campingplatz.<\/p>\n<p><strong>Reinigung:<\/strong> Die Bungalows und die H\u00e4user m\u00fcssen in gutem Zustand verlassen werden. Die Kosten f\u00fcr eine zus\u00e4tzliche Reinigung w\u00e4hrend der Woche (vereinbar an der Rezeption) belaufen sich auf 30.00\u20ac .<\/p>\n<p><strong>Reservierung:<\/strong> Die Reservierung ist erst g\u00fcltig nach Erhalt der Anzahlung in der Art und Weise einer Kaution. Sp\u00e4te Ankunft und vorzeitige Abreise werden jedoch als bestehender Pr\u00e4senztag berechnet.[\/vc_column_text][vc_empty_space height=&#8220;4vw&#8220; alter_height=&#8220;none&#8220; hide_on_desktop=&#8220;&#8220; hide_on_notebook=&#8220;&#8220; hide_on_tablet=&#8220;&#8220; hide_on_mobile=&#8220;&#8220;][\/vc_column][\/vc_row][vc_row full_width=&#8220;stretch_row_content_no_spaces&#8220;][vc_column icons_position=&#8220;left&#8220;][vc_single_image image=&#8220;659&#8243; img_size=&#8220;full&#8220; alignment=&#8220;center&#8220;][vc_row_inner hide_bg_image_on_tablet=&#8220;&#8220; hide_bg_image_on_mobile=&#8220;&#8220; css=&#8220;.vc_custom_1605093447255{padding-right: 15% !important;padding-left: 15% !important;background-color: #efeeea !important;}&#8220;][vc_column_inner icons_position=&#8220;left&#8220;]<div id=\"sc_title_895493857\"\n\t\tclass=\"sc_title color_style_default sc_title_default\"><h2 class=\"sc_item_title sc_title_title sc_align_center sc_item_title_style_default sc_item_title_tag\">Unsere Unterk\u00fcnfte<\/h2><\/div><!-- \/.sc_title -->[vc_empty_space height=&#8220;50px&#8220; alter_height=&#8220;large&#8220; hide_on_desktop=&#8220;&#8220; hide_on_notebook=&#8220;&#8220; hide_on_tablet=&#8220;&#8220; hide_on_mobile=&#8220;&#8220;]<div id=\"sc_properties_182881257\" class=\"sc_properties color_style_default sc_properties_default\"><div class=\"sc_properties_columns sc_item_columns sc_item_posts_container sc_item_columns_5 trx_addons_columns_wrap columns_padding_bottom\"><div class=\"trx_addons_column-1_5\"><div class=\"sc_properties_item with_image with_content\">\n\t<div class=\"post_featured with_thumb hover_ sc_properties_item_thumb\"><img width=\"407\" height=\"275\" src=\"https:\/\/www.campingfeniglia.it\/wp-content\/uploads\/2018\/05\/DSC_0156-407x275.jpg\" class=\"attachment-the_mounty-thumb-med size-the_mounty-thumb-med wp-post-image\" alt=\"\" loading=\"lazy\" \/><a href=\"https:\/\/www.campingfeniglia.it\/de\/properties\/bungalows-argentario\/\" aria-hidden=\"true\" class=\"icons\"><\/a><div class=\"sc_properties_image_info\"><div class=\"sc_properties_item_price\"><span class=\"properties_price\"><\/span><\/div><div class=\"sc_properties_item_labels\"><\/div><\/div><\/div><div class=\"sc_properties_item_info\">\n\t\t<div class=\"sc_properties_item_header\"><h5 class=\"sc_properties_item_title\"><a href=\"https:\/\/www.campingfeniglia.it\/de\/properties\/bungalows-argentario\/\">Bungalows Argentario<\/a><\/h5><p>Der Campingplatz verf\u00fcgt \u00fcber moderne Holzbungalows mit Klimaanlage (warm und kalt) sowie Bad mit Dusche.<\/p>\n<div class=\"sc_properties_item_status\"><\/div><div class=\"sc_properties_item_type\"><\/div><span class=\"sc_properties_item_compare trx_addons_icon-balance-scale\" \n\t\t\t\t\tdata-property-id=\"1949\" \n\t\t\t\t\ttitle=\"Add to compare list\"><\/span>\n\t\t<\/div>\n\t\t<div class=\"sc_properties_item_options\">\n\t\t\t<div class=\"sc_properties_item_row sc_properties_item_row_info\"><\/div>\n\t\t\t<div class=\"sc_properties_item_row sc_properties_item_row_info\"><\/div>\n\t\t\t<div class=\"sc_properties_item_row sc_properties_item_row_address\"><span class=\"sc_properties_item_option sc_properties_item_address\" title=\"Address\">\n\t\t\t\t\t<span class=\"sc_properties_item_option_label\">\n\t\t\t\t\t\t<span class=\"sc_properties_item_option_label_icon trx_addons_icon-home\"><\/span>\n\t\t\t\t\t\t<span class=\"sc_properties_item_option_label_text\">Address:<\/span>\n\t\t\t\t\t<\/span>\n\t\t\t\t\t<span class=\"sc_properties_item_option_data\"><span class=\"properties_address\"><\/span><\/span>\n\t\t\t\t<\/span><\/div>\n\t\t\t<div class=\"sc_properties_item_row sc_properties_item_row_meta\"><span class=\"sc_properties_item_option sc_properties_item_date\" title=\"Publish date\">\n\t\t\t\t\t<span class=\"sc_properties_item_option_label\">\n\t\t\t\t\t\t<span class=\"sc_properties_item_option_label_icon trx_addons_icon-calendar\"><\/span>\n\t\t\t\t\t\t<span class=\"sc_properties_item_option_label_text\">Added:<\/span>\n\t\t\t\t\t<\/span>\n\t\t\t\t\t<span class=\"sc_properties_item_option_data\">14.05.18<\/span>\n\t\t\t\t<\/span><\/div><div class=\"sc_properties_item_button sc_item_button\"><a href=\"https:\/\/www.campingfeniglia.it\/de\/properties\/bungalows-argentario\/\" class=\"sc_button\">Read more<\/a><\/div>            <div class=\"properties_page_features_list\">\n\t\t\t\t<a href=\"#\"><span class=\"properties_list_icon icon-info\"><\/span><span class=\"properties_list_text\">Klimaanlage<\/span> <\/a><a href=\"#\"><span class=\"properties_list_icon icon-info\"><\/span><span class=\"properties_list_text\">Kochnische<\/span> <\/a><a href=\"#\"><span class=\"properties_list_icon icon-info\"><\/span><span class=\"properties_list_text\">Privates Badezimmer mit Dusche<\/span> <\/a><a href=\"#\"><span class=\"properties_list_icon icon-info\"><\/span><span class=\"properties_list_text\">Wohnzimmer<\/span><\/a>\t\t\t<\/div><\/div>\n\t<\/div>\n<\/div>\n<\/div><div class=\"trx_addons_column-1_5\"><div class=\"sc_properties_item with_image with_content\">\n\t<div class=\"post_featured with_thumb hover_ sc_properties_item_thumb\"><img width=\"407\" height=\"275\" src=\"https:\/\/www.campingfeniglia.it\/wp-content\/uploads\/2018\/05\/DSC_0194-407x275.jpg\" class=\"attachment-the_mounty-thumb-med size-the_mounty-thumb-med wp-post-image\" alt=\"\" loading=\"lazy\" \/><a href=\"https:\/\/www.campingfeniglia.it\/de\/properties\/stellplaetze-argentario\/\" aria-hidden=\"true\" class=\"icons\"><\/a><div class=\"sc_properties_image_info\"><div class=\"sc_properties_item_price\"><span class=\"properties_price\"><\/span><\/div><div class=\"sc_properties_item_labels\"><\/div><\/div><\/div><div class=\"sc_properties_item_info\">\n\t\t<div class=\"sc_properties_item_header\"><h5 class=\"sc_properties_item_title\"><a href=\"https:\/\/www.campingfeniglia.it\/de\/properties\/stellplaetze-argentario\/\">Stellpl\u00e4tze Argentario<\/a><\/h5><p>Camping Feniglia verf\u00fcgt \u00fcber ca. 142 schattige und ger\u00e4umige Stellpl\u00e4tze.<\/p>\n<div class=\"sc_properties_item_status\"><\/div><div class=\"sc_properties_item_type\"><\/div><span class=\"sc_properties_item_compare trx_addons_icon-balance-scale\" \n\t\t\t\t\tdata-property-id=\"1930\" \n\t\t\t\t\ttitle=\"Add to compare list\"><\/span>\n\t\t<\/div>\n\t\t<div class=\"sc_properties_item_options\">\n\t\t\t<div class=\"sc_properties_item_row sc_properties_item_row_info\"><\/div>\n\t\t\t<div class=\"sc_properties_item_row sc_properties_item_row_info\"><\/div>\n\t\t\t<div class=\"sc_properties_item_row sc_properties_item_row_address\"><span class=\"sc_properties_item_option sc_properties_item_address\" title=\"Address\">\n\t\t\t\t\t<span class=\"sc_properties_item_option_label\">\n\t\t\t\t\t\t<span class=\"sc_properties_item_option_label_icon trx_addons_icon-home\"><\/span>\n\t\t\t\t\t\t<span class=\"sc_properties_item_option_label_text\">Address:<\/span>\n\t\t\t\t\t<\/span>\n\t\t\t\t\t<span class=\"sc_properties_item_option_data\"><span class=\"properties_address\"><\/span><\/span>\n\t\t\t\t<\/span><\/div>\n\t\t\t<div class=\"sc_properties_item_row sc_properties_item_row_meta\"><span class=\"sc_properties_item_option sc_properties_item_date\" title=\"Publish date\">\n\t\t\t\t\t<span class=\"sc_properties_item_option_label\">\n\t\t\t\t\t\t<span class=\"sc_properties_item_option_label_icon trx_addons_icon-calendar\"><\/span>\n\t\t\t\t\t\t<span class=\"sc_properties_item_option_label_text\">Added:<\/span>\n\t\t\t\t\t<\/span>\n\t\t\t\t\t<span class=\"sc_properties_item_option_data\">14.05.18<\/span>\n\t\t\t\t<\/span><\/div><div class=\"sc_properties_item_button sc_item_button\"><a href=\"https:\/\/www.campingfeniglia.it\/de\/properties\/stellplaetze-argentario\/\" class=\"sc_button\">Read more<\/a><\/div>            <div class=\"properties_page_features_list\">\n\t\t\t\t<a href=\"#\"><span class=\"properties_list_icon icon-info\"><\/span><span class=\"properties_list_text\">Elektrischer Strom<\/span> <\/a><a href=\"#\"><span class=\"properties_list_icon icon-info\"><\/span><span class=\"properties_list_text\">Wasserlade- und -entladebereich<\/span><\/a>\t\t\t<\/div><\/div>\n\t<\/div>\n<\/div>\n<\/div><div class=\"trx_addons_column-1_5\"><div class=\"sc_properties_item with_image with_content\">\n\t<div class=\"post_featured with_thumb hover_ sc_properties_item_thumb\"><img width=\"407\" height=\"275\" src=\"https:\/\/www.campingfeniglia.it\/wp-content\/uploads\/2018\/06\/DJI_0042-407x275.jpg\" class=\"attachment-the_mounty-thumb-med size-the_mounty-thumb-med wp-post-image\" alt=\"\" loading=\"lazy\" \/><a href=\"https:\/\/www.campingfeniglia.it\/de\/properties\/wohnmobile-argentario\/\" aria-hidden=\"true\" class=\"icons\"><\/a><div class=\"sc_properties_image_info\"><div class=\"sc_properties_item_price\"><span class=\"properties_price\"><\/span><\/div><div class=\"sc_properties_item_labels\"><\/div><\/div><\/div><div class=\"sc_properties_item_info\">\n\t\t<div class=\"sc_properties_item_header\"><h5 class=\"sc_properties_item_title\"><a href=\"https:\/\/www.campingfeniglia.it\/de\/properties\/wohnmobile-argentario\/\">Wohnmobile Argentario<\/a><\/h5><p>Es gibt zwei Arten von Wohnmobilen gleicher Machart, jedoch in verschiedenen Gr\u00f6\u00dfen: 18m\u00b2 gro\u00df und 24m\u00b2 gro\u00df.<\/p>\n<div class=\"sc_properties_item_status\"><\/div><div class=\"sc_properties_item_type\"><\/div><span class=\"sc_properties_item_compare trx_addons_icon-balance-scale\" \n\t\t\t\t\tdata-property-id=\"1925\" \n\t\t\t\t\ttitle=\"Add to compare list\"><\/span>\n\t\t<\/div>\n\t\t<div class=\"sc_properties_item_options\">\n\t\t\t<div class=\"sc_properties_item_row sc_properties_item_row_info\"><\/div>\n\t\t\t<div class=\"sc_properties_item_row sc_properties_item_row_info\"><\/div>\n\t\t\t<div class=\"sc_properties_item_row sc_properties_item_row_address\"><span class=\"sc_properties_item_option sc_properties_item_address\" title=\"Address\">\n\t\t\t\t\t<span class=\"sc_properties_item_option_label\">\n\t\t\t\t\t\t<span class=\"sc_properties_item_option_label_icon trx_addons_icon-home\"><\/span>\n\t\t\t\t\t\t<span class=\"sc_properties_item_option_label_text\">Address:<\/span>\n\t\t\t\t\t<\/span>\n\t\t\t\t\t<span class=\"sc_properties_item_option_data\"><span class=\"properties_address\"><\/span><\/span>\n\t\t\t\t<\/span><\/div>\n\t\t\t<div class=\"sc_properties_item_row sc_properties_item_row_meta\"><span class=\"sc_properties_item_option sc_properties_item_date\" title=\"Publish date\">\n\t\t\t\t\t<span class=\"sc_properties_item_option_label\">\n\t\t\t\t\t\t<span class=\"sc_properties_item_option_label_icon trx_addons_icon-calendar\"><\/span>\n\t\t\t\t\t\t<span class=\"sc_properties_item_option_label_text\">Added:<\/span>\n\t\t\t\t\t<\/span>\n\t\t\t\t\t<span class=\"sc_properties_item_option_data\">05.06.18<\/span>\n\t\t\t\t<\/span><\/div><div class=\"sc_properties_item_button sc_item_button\"><a href=\"https:\/\/www.campingfeniglia.it\/de\/properties\/wohnmobile-argentario\/\" class=\"sc_button\">Read more<\/a><\/div>            <div class=\"properties_page_features_list\">\n\t\t\t\t<a href=\"#\"><span class=\"properties_list_icon icon-info\"><\/span><span class=\"properties_list_text\">Doppelzimmer<\/span> <\/a><a href=\"#\"><span class=\"properties_list_icon icon-info\"><\/span><span class=\"properties_list_text\">Klimaanlage<\/span> <\/a><a href=\"#\"><span class=\"properties_list_icon icon-info\"><\/span><span class=\"properties_list_text\">Kochnische<\/span> <\/a><a href=\"#\"><span class=\"properties_list_icon icon-info\"><\/span><span class=\"properties_list_text\">Privates Badezimmer mit Dusche<\/span> <\/a><a href=\"#\"><span class=\"properties_list_icon icon-info\"><\/span><span class=\"properties_list_text\">Schlafzimmer mit 2 Einzelbetten<\/span> <\/a><a href=\"#\"><span class=\"properties_list_icon icon-info\"><\/span><span class=\"properties_list_text\">Veranda mit Tisch und St\u00fchlen<\/span> <\/a><a href=\"#\"><span class=\"properties_list_icon icon-info\"><\/span><span class=\"properties_list_text\">Wohnzimmer<\/span><\/a>\t\t\t<\/div><\/div>\n\t<\/div>\n<\/div>\n<\/div><div class=\"trx_addons_column-1_5\"><div class=\"sc_properties_item with_image with_content\">\n\t<div class=\"post_featured with_thumb hover_ sc_properties_item_thumb\"><img width=\"407\" height=\"275\" src=\"https:\/\/www.campingfeniglia.it\/wp-content\/uploads\/2018\/06\/coco4_page-0001.jpg-407x275.png\" class=\"attachment-the_mounty-thumb-med size-the_mounty-thumb-med wp-post-image\" alt=\"\" loading=\"lazy\" \/><a href=\"https:\/\/www.campingfeniglia.it\/de\/properties\/glamping-coco-zelt\/\" aria-hidden=\"true\" class=\"icons\"><\/a><div class=\"sc_properties_image_info\"><div class=\"sc_properties_item_price\"><span class=\"properties_price\"><\/span><\/div><div class=\"sc_properties_item_labels\"><\/div><\/div><\/div><div class=\"sc_properties_item_info\">\n\t\t<div class=\"sc_properties_item_header\"><h5 class=\"sc_properties_item_title\"><a href=\"https:\/\/www.campingfeniglia.it\/de\/properties\/glamping-coco-zelt\/\">Glamping Coco Zelt<\/a><\/h5><p>Brandneue Zelte mit Eingangshalle mit K\u00fchlschrank und Mikrowelle, kleiner Tisch mit Hockern, Aufbewahrung.<\/p>\n<div class=\"sc_properties_item_status\"><\/div><div class=\"sc_properties_item_type\"><\/div><span class=\"sc_properties_item_compare trx_addons_icon-balance-scale\" \n\t\t\t\t\tdata-property-id=\"1920\" \n\t\t\t\t\ttitle=\"Add to compare list\"><\/span>\n\t\t<\/div>\n\t\t<div class=\"sc_properties_item_options\">\n\t\t\t<div class=\"sc_properties_item_row sc_properties_item_row_info\"><\/div>\n\t\t\t<div class=\"sc_properties_item_row sc_properties_item_row_info\"><\/div>\n\t\t\t<div class=\"sc_properties_item_row sc_properties_item_row_address\"><span class=\"sc_properties_item_option sc_properties_item_address\" title=\"Address\">\n\t\t\t\t\t<span class=\"sc_properties_item_option_label\">\n\t\t\t\t\t\t<span class=\"sc_properties_item_option_label_icon trx_addons_icon-home\"><\/span>\n\t\t\t\t\t\t<span class=\"sc_properties_item_option_label_text\">Address:<\/span>\n\t\t\t\t\t<\/span>\n\t\t\t\t\t<span class=\"sc_properties_item_option_data\"><span class=\"properties_address\"><\/span><\/span>\n\t\t\t\t<\/span><\/div>\n\t\t\t<div class=\"sc_properties_item_row sc_properties_item_row_meta\"><span class=\"sc_properties_item_option sc_properties_item_date\" title=\"Publish date\">\n\t\t\t\t\t<span class=\"sc_properties_item_option_label\">\n\t\t\t\t\t\t<span class=\"sc_properties_item_option_label_icon trx_addons_icon-calendar\"><\/span>\n\t\t\t\t\t\t<span class=\"sc_properties_item_option_label_text\">Added:<\/span>\n\t\t\t\t\t<\/span>\n\t\t\t\t\t<span class=\"sc_properties_item_option_data\">05.06.18<\/span>\n\t\t\t\t<\/span><\/div><div class=\"sc_properties_item_button sc_item_button\"><a href=\"https:\/\/www.campingfeniglia.it\/de\/properties\/glamping-coco-zelt\/\" class=\"sc_button\">Read more<\/a><\/div>            <div class=\"properties_page_features_list\">\n\t\t\t\t<a href=\"#\"><span class=\"properties_list_icon icon-info\"><\/span><span class=\"properties_list_text\">Doppelzimmer<\/span> <\/a><a href=\"#\"><span class=\"properties_list_icon icon-info\"><\/span><span class=\"properties_list_text\">K\u00fchlschrank und Mikrowelle<\/span> <\/a><a href=\"#\"><span class=\"properties_list_icon icon-info\"><\/span><span class=\"properties_list_text\">Schlafzimmer mit 2 Einzelbetten<\/span> <\/a><a href=\"#\"><span class=\"properties_list_icon icon-info\"><\/span><span class=\"properties_list_text\">Veranda mit Tisch und St\u00fchlen<\/span><\/a>\t\t\t<\/div><\/div>\n\t<\/div>\n<\/div>\n<\/div><div class=\"trx_addons_column-1_5\"><div class=\"sc_properties_item with_image with_content\">\n\t<div class=\"post_featured with_thumb hover_ sc_properties_item_thumb\"><img width=\"407\" height=\"275\" src=\"https:\/\/www.campingfeniglia.it\/wp-content\/uploads\/2025\/02\/esterno-villino-407x275.jpg\" class=\"attachment-the_mounty-thumb-med size-the_mounty-thumb-med wp-post-image\" alt=\"\" loading=\"lazy\" \/><a href=\"https:\/\/www.campingfeniglia.it\/de\/properties\/chalet\/\" aria-hidden=\"true\" class=\"icons\"><\/a><div class=\"sc_properties_image_info\"><div class=\"sc_properties_item_price\"><span class=\"properties_price\"><\/span><\/div><div class=\"sc_properties_item_labels\"><\/div><\/div><\/div><div class=\"sc_properties_item_info\">\n\t\t<div class=\"sc_properties_item_header\"><h5 class=\"sc_properties_item_title\"><a href=\"https:\/\/www.campingfeniglia.it\/de\/properties\/chalet\/\">Chalet<\/a><\/h5><p>Der Campingplatz bietet moderne Bungalows\/Mobilheime der neuesten Generation, ausgestattet mit Klimaanlage (warm\/kalt) und einem Badezimmer mit Dusche und Bidet.<\/p>\n<div class=\"sc_properties_item_status\"><\/div><div class=\"sc_properties_item_type\"><\/div><span class=\"sc_properties_item_compare trx_addons_icon-balance-scale\" \n\t\t\t\t\tdata-property-id=\"44673\" \n\t\t\t\t\ttitle=\"Add to compare list\"><\/span>\n\t\t<\/div>\n\t\t<div class=\"sc_properties_item_options\">\n\t\t\t<div class=\"sc_properties_item_row sc_properties_item_row_info\"><\/div>\n\t\t\t<div class=\"sc_properties_item_row sc_properties_item_row_info\"><\/div>\n\t\t\t<div class=\"sc_properties_item_row sc_properties_item_row_address\"><span class=\"sc_properties_item_option sc_properties_item_address\" title=\"Address\">\n\t\t\t\t\t<span class=\"sc_properties_item_option_label\">\n\t\t\t\t\t\t<span class=\"sc_properties_item_option_label_icon trx_addons_icon-home\"><\/span>\n\t\t\t\t\t\t<span class=\"sc_properties_item_option_label_text\">Address:<\/span>\n\t\t\t\t\t<\/span>\n\t\t\t\t\t<span class=\"sc_properties_item_option_data\"><span class=\"properties_address\"><\/span><\/span>\n\t\t\t\t<\/span><\/div>\n\t\t\t<div class=\"sc_properties_item_row sc_properties_item_row_meta\"><span class=\"sc_properties_item_option sc_properties_item_date\" title=\"Publish date\">\n\t\t\t\t\t<span class=\"sc_properties_item_option_label\">\n\t\t\t\t\t\t<span class=\"sc_properties_item_option_label_icon trx_addons_icon-calendar\"><\/span>\n\t\t\t\t\t\t<span class=\"sc_properties_item_option_label_text\">Added:<\/span>\n\t\t\t\t\t<\/span>\n\t\t\t\t\t<span class=\"sc_properties_item_option_data\">28.02.25<\/span>\n\t\t\t\t<\/span><\/div><div class=\"sc_properties_item_button sc_item_button\"><a href=\"https:\/\/www.campingfeniglia.it\/de\/properties\/chalet\/\" class=\"sc_button\">Read more<\/a><\/div>            <div class=\"properties_page_features_list\">\n\t\t\t\t<a href=\"#\"><span class=\"properties_list_icon icon-info\"><\/span><span class=\"properties_list_text\">Doppelzimmer<\/span> <\/a><a href=\"#\"><span class=\"properties_list_icon icon-info\"><\/span><span class=\"properties_list_text\">Klimaanlage<\/span> <\/a><a href=\"#\"><span class=\"properties_list_icon icon-info\"><\/span><span class=\"properties_list_text\">K\u00fchlschrank und Mikrowelle<\/span> <\/a><a href=\"#\"><span class=\"properties_list_icon icon-info\"><\/span><span class=\"properties_list_text\">Privates Badezimmer mit Dusche<\/span> <\/a><a href=\"#\"><span class=\"properties_list_icon icon-info\"><\/span><span class=\"properties_list_text\">Schlafzimmer mit 2 Einzelbetten<\/span> <\/a><a href=\"#\"><span class=\"properties_list_icon icon-info\"><\/span><span class=\"properties_list_text\">Veranda mit Tisch und St\u00fchlen<\/span><\/a>\t\t\t<\/div><\/div>\n\t<\/div>\n<\/div>\n<\/div><\/div><\/div><!-- \/.sc_properties -->[\/vc_column_inner][\/vc_row_inner][vc_single_image image=&#8220;1259&#8243; img_size=&#8220;full&#8220; alignment=&#8220;center&#8220;][\/vc_column][\/vc_row]<\/p>\n","protected":false},"excerpt":{"rendered":"<p>[vc_row full_width=&#8220;stretch_row_content&#8220; hide_bg_image_on_tablet=&#8220;&#8220; hide_bg_image_on_mobile=&#8220;&#8220; shape_divider_top_front=&#8220;&#8220; shape_divider_bottom_front=&#8220;&#8220; row_delimiter=&#8220;&#8220; hide_on_desktop=&#8220;&#8220; hide_on_notebook=&#8220;&#8220; hide_on_tablet=&#8220;1&#8243; hide_on_mobile=&#8220;1&#8243; hide_on_frontpage=&#8220;&#8220;][vc_column icons_position=&#8220;left&#8220;][vc_tta_tabs][vc_tta_section title=&#8220;Tariffe Camping&#8220; tab_id=&#8220;1605091374604-32b20546-f901&#8243;][vc_column_text] 13\/09-bein abschluss 01\/04-31\/05 30\/08-12\/09 01\/06-30\/06 01\/07-31\/07 01\/08-29\/08 Adulti \u20ac 9,00 \u20ac 13,00 \u20ac 11,00 \u20ac 14,00 \u20ac 16,00 Bambini 2-9 anni \u20ac 5,00 \u20ac 7,00 \u20ac 7,00 \u20ac 9,00 \u20ac 10,00 Tenda grande roulotte e camper \u20ac 12,00 \u20ac 15,00 \u20ac 14,00 \u20ac 20,00&hellip;<\/p>\n","protected":false},"author":2,"featured_media":0,"parent":0,"menu_order":0,"comment_status":"closed","ping_status":"closed","template":"","meta":[],"yoast_head":"<!-- This site is optimized with the Yoast SEO plugin v19.8 - https:\/\/yoast.com\/wordpress\/plugins\/seo\/ -->\n<title>Preise f\u00fcr Meeresbungalows in der Toskana Preise f\u00fcr Zelte und Mobilheime<\/title>\n<meta name=\"description\" content=\"Preise f\u00fcr Meeresbungalows in der Toskana Preise f\u00fcr Zelte und Mobilheime die besten Preise f\u00fcr Urlaub am Meer in der Toskana\" \/>\n<meta name=\"robots\" content=\"index, follow, max-snippet:-1, max-image-preview:large, max-video-preview:-1\" \/>\n<link rel=\"canonical\" href=\"https:\/\/www.campingfeniglia.it\/de\/maremma-campingurlaub\/\" \/>\n<meta property=\"og:locale\" content=\"de_DE\" \/>\n<meta property=\"og:type\" content=\"article\" \/>\n<meta property=\"og:title\" content=\"Preise f\u00fcr Meeresbungalows in der Toskana Preise f\u00fcr Zelte und Mobilheime\" \/>\n<meta property=\"og:description\" content=\"Preise f\u00fcr Meeresbungalows in der Toskana Preise f\u00fcr Zelte und Mobilheime die besten Preise f\u00fcr Urlaub am Meer in der Toskana\" \/>\n<meta property=\"og:url\" content=\"https:\/\/www.campingfeniglia.it\/de\/maremma-campingurlaub\/\" \/>\n<meta property=\"og:site_name\" content=\"Camping Feniglia\" \/>\n<meta property=\"article:publisher\" content=\"https:\/\/www.facebook.com\/Camping-Feniglia-329349780087\/\" \/>\n<meta property=\"article:modified_time\" content=\"2026-03-10T08:22:18+00:00\" \/>\n<meta name=\"twitter:card\" content=\"summary_large_image\" \/>\n<meta name=\"twitter:label1\" content=\"Gesch\u00e4tzte Lesezeit\" \/>\n\t<meta name=\"twitter:data1\" content=\"3\u00a0Minuten\" \/>\n<script type=\"application\/ld+json\" class=\"yoast-schema-graph\">{\"@context\":\"https:\/\/schema.org\",\"@graph\":[{\"@type\":\"WebPage\",\"@id\":\"https:\/\/www.campingfeniglia.it\/de\/maremma-campingurlaub\/\",\"url\":\"https:\/\/www.campingfeniglia.it\/de\/maremma-campingurlaub\/\",\"name\":\"Preise f\u00fcr Meeresbungalows in der Toskana Preise f\u00fcr Zelte und Mobilheime\",\"isPartOf\":{\"@id\":\"https:\/\/www.campingfeniglia.it\/#website\"},\"datePublished\":\"2020-11-17T11:02:58+00:00\",\"dateModified\":\"2026-03-10T08:22:18+00:00\",\"description\":\"Preise f\u00fcr Meeresbungalows in der Toskana Preise f\u00fcr Zelte und Mobilheime die besten Preise f\u00fcr Urlaub am Meer in der Toskana\",\"breadcrumb\":{\"@id\":\"https:\/\/www.campingfeniglia.it\/de\/maremma-campingurlaub\/#breadcrumb\"},\"inLanguage\":\"de\",\"potentialAction\":[{\"@type\":\"ReadAction\",\"target\":[\"https:\/\/www.campingfeniglia.it\/de\/maremma-campingurlaub\/\"]}]},{\"@type\":\"BreadcrumbList\",\"@id\":\"https:\/\/www.campingfeniglia.it\/de\/maremma-campingurlaub\/#breadcrumb\",\"itemListElement\":[{\"@type\":\"ListItem\",\"position\":1,\"name\":\"Home\",\"item\":\"https:\/\/www.campingfeniglia.it\/de\/\"},{\"@type\":\"ListItem\",\"position\":2,\"name\":\"Maremma Campingurlaub\"}]},{\"@type\":\"WebSite\",\"@id\":\"https:\/\/www.campingfeniglia.it\/#website\",\"url\":\"https:\/\/www.campingfeniglia.it\/\",\"name\":\"Camping Feniglia\",\"description\":\"Camping Argentario\",\"publisher\":{\"@id\":\"https:\/\/www.campingfeniglia.it\/#organization\"},\"potentialAction\":[{\"@type\":\"SearchAction\",\"target\":{\"@type\":\"EntryPoint\",\"urlTemplate\":\"https:\/\/www.campingfeniglia.it\/?s={search_term_string}\"},\"query-input\":\"required name=search_term_string\"}],\"inLanguage\":\"de\"},{\"@type\":\"Organization\",\"@id\":\"https:\/\/www.campingfeniglia.it\/#organization\",\"name\":\"Campeggio Feniglia\",\"url\":\"https:\/\/www.campingfeniglia.it\/\",\"sameAs\":[\"https:\/\/www.facebook.com\/Camping-Feniglia-329349780087\/\"],\"logo\":{\"@type\":\"ImageObject\",\"inLanguage\":\"de\",\"@id\":\"https:\/\/www.campingfeniglia.it\/#\/schema\/logo\/image\/\",\"url\":\"https:\/\/www.campingfeniglia.it\/wp-content\/uploads\/2020\/11\/logo-header.png\",\"contentUrl\":\"https:\/\/www.campingfeniglia.it\/wp-content\/uploads\/2020\/11\/logo-header.png\",\"width\":370,\"height\":97,\"caption\":\"Campeggio Feniglia\"},\"image\":{\"@id\":\"https:\/\/www.campingfeniglia.it\/#\/schema\/logo\/image\/\"}}]}<\/script>\n<!-- \/ Yoast SEO plugin. -->","yoast_head_json":{"title":"Preise f\u00fcr Meeresbungalows in der Toskana Preise f\u00fcr Zelte und Mobilheime","description":"Preise f\u00fcr Meeresbungalows in der Toskana Preise f\u00fcr Zelte und Mobilheime die besten Preise f\u00fcr Urlaub am Meer in der Toskana","robots":{"index":"index","follow":"follow","max-snippet":"max-snippet:-1","max-image-preview":"max-image-preview:large","max-video-preview":"max-video-preview:-1"},"canonical":"https:\/\/www.campingfeniglia.it\/de\/maremma-campingurlaub\/","og_locale":"de_DE","og_type":"article","og_title":"Preise f\u00fcr Meeresbungalows in der Toskana Preise f\u00fcr Zelte und Mobilheime","og_description":"Preise f\u00fcr Meeresbungalows in der Toskana Preise f\u00fcr Zelte und Mobilheime die besten Preise f\u00fcr Urlaub am Meer in der Toskana","og_url":"https:\/\/www.campingfeniglia.it\/de\/maremma-campingurlaub\/","og_site_name":"Camping Feniglia","article_publisher":"https:\/\/www.facebook.com\/Camping-Feniglia-329349780087\/","article_modified_time":"2026-03-10T08:22:18+00:00","twitter_card":"summary_large_image","twitter_misc":{"Gesch\u00e4tzte Lesezeit":"3\u00a0Minuten"},"schema":{"@context":"https:\/\/schema.org","@graph":[{"@type":"WebPage","@id":"https:\/\/www.campingfeniglia.it\/de\/maremma-campingurlaub\/","url":"https:\/\/www.campingfeniglia.it\/de\/maremma-campingurlaub\/","name":"Preise f\u00fcr Meeresbungalows in der Toskana Preise f\u00fcr Zelte und Mobilheime","isPartOf":{"@id":"https:\/\/www.campingfeniglia.it\/#website"},"datePublished":"2020-11-17T11:02:58+00:00","dateModified":"2026-03-10T08:22:18+00:00","description":"Preise f\u00fcr Meeresbungalows in der Toskana Preise f\u00fcr Zelte und Mobilheime die besten Preise f\u00fcr Urlaub am Meer in der Toskana","breadcrumb":{"@id":"https:\/\/www.campingfeniglia.it\/de\/maremma-campingurlaub\/#breadcrumb"},"inLanguage":"de","potentialAction":[{"@type":"ReadAction","target":["https:\/\/www.campingfeniglia.it\/de\/maremma-campingurlaub\/"]}]},{"@type":"BreadcrumbList","@id":"https:\/\/www.campingfeniglia.it\/de\/maremma-campingurlaub\/#breadcrumb","itemListElement":[{"@type":"ListItem","position":1,"name":"Home","item":"https:\/\/www.campingfeniglia.it\/de\/"},{"@type":"ListItem","position":2,"name":"Maremma Campingurlaub"}]},{"@type":"WebSite","@id":"https:\/\/www.campingfeniglia.it\/#website","url":"https:\/\/www.campingfeniglia.it\/","name":"Camping Feniglia","description":"Camping Argentario","publisher":{"@id":"https:\/\/www.campingfeniglia.it\/#organization"},"potentialAction":[{"@type":"SearchAction","target":{"@type":"EntryPoint","urlTemplate":"https:\/\/www.campingfeniglia.it\/?s={search_term_string}"},"query-input":"required name=search_term_string"}],"inLanguage":"de"},{"@type":"Organization","@id":"https:\/\/www.campingfeniglia.it\/#organization","name":"Campeggio Feniglia","url":"https:\/\/www.campingfeniglia.it\/","sameAs":["https:\/\/www.facebook.com\/Camping-Feniglia-329349780087\/"],"logo":{"@type":"ImageObject","inLanguage":"de","@id":"https:\/\/www.campingfeniglia.it\/#\/schema\/logo\/image\/","url":"https:\/\/www.campingfeniglia.it\/wp-content\/uploads\/2020\/11\/logo-header.png","contentUrl":"https:\/\/www.campingfeniglia.it\/wp-content\/uploads\/2020\/11\/logo-header.png","width":370,"height":97,"caption":"Campeggio Feniglia"},"image":{"@id":"https:\/\/www.campingfeniglia.it\/#\/schema\/logo\/image\/"}}]}},"_links":{"self":[{"href":"https:\/\/www.campingfeniglia.it\/de\/wp-json\/wp\/v2\/pages\/1810"}],"collection":[{"href":"https:\/\/www.campingfeniglia.it\/de\/wp-json\/wp\/v2\/pages"}],"about":[{"href":"https:\/\/www.campingfeniglia.it\/de\/wp-json\/wp\/v2\/types\/page"}],"author":[{"embeddable":true,"href":"https:\/\/www.campingfeniglia.it\/de\/wp-json\/wp\/v2\/users\/2"}],"replies":[{"embeddable":true,"href":"https:\/\/www.campingfeniglia.it\/de\/wp-json\/wp\/v2\/comments?post=1810"}],"version-history":[{"count":25,"href":"https:\/\/www.campingfeniglia.it\/de\/wp-json\/wp\/v2\/pages\/1810\/revisions"}],"predecessor-version":[{"id":55979,"href":"https:\/\/www.campingfeniglia.it\/de\/wp-json\/wp\/v2\/pages\/1810\/revisions\/55979"}],"wp:attachment":[{"href":"https:\/\/www.campingfeniglia.it\/de\/wp-json\/wp\/v2\/media?parent=1810"}],"curies":[{"name":"wp","href":"https:\/\/api.w.org\/{rel}","templated":true}]}}